{"id":1521,"date":"2022-06-16T11:26:10","date_gmt":"2022-06-16T10:26:10","guid":{"rendered":"http:\/\/my-religion.cmsmasters.net\/?post_type=profile&#038;p=1521"},"modified":"2024-11-20T16:55:25","modified_gmt":"2024-11-20T15:55:25","slug":"ivana-silic","status":"publish","type":"profile","link":"https:\/\/evome.hr\/?profile=ivana-silic","title":{"rendered":"Ivana \u0160ili\u0107"},"content":{"rendered":"<style type=\"text\/css\"> \n#cmsmasters_row_69f28631ba5ce5_81897548 .cmsmasters_row_outer_parent { \n\tpadding-top: 0px; \n} \n\n#cmsmasters_row_69f28631ba5ce5_81897548 .cmsmasters_row_outer_parent { \n\tpadding-bottom: 50px; \n} \n\n \n#cmsmasters_row_69f28631ba8649_91424385 .cmsmasters_row_inner.cmsmasters_row_fullwidth { \n\tpadding-left:15%; \n} \n#cmsmasters_row_69f28631ba8649_91424385 .cmsmasters_row_inner.cmsmasters_row_fullwidth { \n\tpadding-right:15%; \n} \n<\/style><div id=\"cmsmasters_row_69f28631ba5ce5_81897548\" class=\"cmsmasters_row cmsmasters_color_scheme_default cmsmasters_row_top_default cmsmasters_row_bot_default cmsmasters_row_boxed\">\n<div class=\"cmsmasters_row_outer_parent\">\n<div class=\"cmsmasters_row_outer\">\n<div class=\"cmsmasters_row_inner\">\n<div class=\"cmsmasters_row_margin\">\n<div class=\"cmsmasters_column one_first\">\n<div class=\"aligncenter\">\n<div class=\"cmsmasters_img  cmsmasters_image_c\">\n<img decoding=\"async\" src=\"https:\/\/evome.hr\/wp-content\/uploads\/2022\/08\/Prirucnici-za-katehete-i-dnevnik-putovanja-za-krizmanike.-Dvije-godine-pripreme.-Odlicni-prirucnici.-Autorski-tim-sastavljen-od-najboljih-i-najkreativnijih-ljudi.-Prirucnici-nastali-ovdje.-Nije-ni-13-300x300.png\" \/>\n<\/div>\n<\/div>\n<\/div>\n<\/div>\n<\/div>\n<\/div>\n<\/div>\n<\/div>\n<div id=\"cmsmasters_row_69f28631ba8649_91424385\" class=\"cmsmasters_row cmsmasters_color_scheme_default cmsmasters_row_top_default cmsmasters_row_bot_default cmsmasters_row_fullwidth\">\n<div class=\"cmsmasters_row_outer_parent\">\n<div class=\"cmsmasters_row_outer\">\n<div class=\"cmsmasters_row_inner cmsmasters_row_fullwidth\">\n<div class=\"cmsmasters_row_margin\">\n<div class=\"cmsmasters_column one_first\">\n<div class=\"cmsmasters_text\">\n<p><span style=\"color: #000000;\">Po struci odgajateljica djece rane i pred\u0161kolske dobi, a u slobodno vrijeme predsjednica Udruge To\u010dka. Odrastaju\u0107i na salezijanskom dvori\u0161tu, vidjela je ljepotu i bogatstvo rada i \u017eivljenja s mladima i za mlade.<\/span><\/p>\n<p><span style=\"color: #000000;\">Uvijek govori kako su je djeca nau\u010dila puno vi\u0161e o \u017eivotu i \u017eivljenju nego ona njih. Ivana v<\/span><span style=\"color: #000000;\">oli organizaciju, klasifikaciju, centrirane tablice, Olivera Dragojevi\u0107a, more i \u201euradi sam\u201c projekte.<\/span><\/p>\n<\/div>\n<\/div>\n<\/div>\n<\/div>\n<\/div>\n<\/div>\n<\/div>\n\n","protected":false},"excerpt":{"rendered":"","protected":false},"featured_media":6576,"menu_order":0,"comment_status":"closed","ping_status":"closed","template":"","meta":{"footnotes":""},"pl-categs":[75,45],"class_list":["post-1521","profile","type-profile","status-publish","has-post-thumbnail","hentry","pl-categs-udruga_tocka","pl-categs-voditelji-projekta"],"_links":{"self":[{"href":"https:\/\/evome.hr\/index.php?rest_route=\/wp\/v2\/profile\/1521","targetHints":{"allow":["GET"]}}],"collection":[{"href":"https:\/\/evome.hr\/index.php?rest_route=\/wp\/v2\/profile"}],"about":[{"href":"https:\/\/evome.hr\/index.php?rest_route=\/wp\/v2\/types\/profile"}],"replies":[{"embeddable":true,"href":"https:\/\/evome.hr\/index.php?rest_route=%2Fwp%2Fv2%2Fcomments&post=1521"}],"version-history":[{"count":13,"href":"https:\/\/evome.hr\/index.php?rest_route=\/wp\/v2\/profile\/1521\/revisions"}],"predecessor-version":[{"id":6945,"href":"https:\/\/evome.hr\/index.php?rest_route=\/wp\/v2\/profile\/1521\/revisions\/6945"}],"wp:featuredmedia":[{"embeddable":true,"href":"https:\/\/evome.hr\/index.php?rest_route=\/wp\/v2\/media\/6576"}],"wp:attachment":[{"href":"https:\/\/evome.hr\/index.php?rest_route=%2Fwp%2Fv2%2Fmedia&parent=1521"}],"wp:term":[{"taxonomy":"pl-categs","embeddable":true,"href":"https:\/\/evome.hr\/index.php?rest_route=%2Fwp%2Fv2%2Fpl-categs&post=1521"}],"curies":[{"name":"wp","href":"https:\/\/api.w.org\/{rel}","templated":true}]}}